{"id":2520,"date":"2023-09-08T11:23:15","date_gmt":"2023-09-08T09:23:15","guid":{"rendered":"https:\/\/stilfibra.com\/sedie\/erbi-miski\/"},"modified":"2024-12-17T14:19:47","modified_gmt":"2024-12-17T13:19:47","slug":"erbi-miski","status":"publish","type":"sedie","link":"https:\/\/stilfibra.com\/fr\/sedie\/erbi-miski\/","title":{"rendered":"Erbi Miski"},"content":{"rendered":"\n<div class=\"wp-block-group con_custom version_one\"><div class=\"wp-block-group__inner-container is-layout-constrained wp-block-group-is-layout-constrained\"><div class=\"wp-block-image margin_auto\">\n<figure class=\"aligncenter size-full is-resized\"><img decoding=\"async\" width=\"115\" height=\"97\" src=\"https:\/\/stilfibra.com\/wp-content\/uploads\/2023\/12\/Livello_122.png\" alt=\"\" class=\"wp-image-749\" style=\"width:153px;height:129px\"\/><\/figure>\n<\/div>\n\n\n<h2 class=\"wp-block-heading has-text-align-center custom_serif has-text-color\" style=\"color:#849c57\">Fibre et essence Miscanthus<\/h2>\n\n\n\n<p class=\"has-text-align-center\">Le miscanthus est une plante p\u00e9renne dont les vertus \u00e9cologiques incluent une extraordinaire capacit\u00e9 \u00e0 absorber le dioxyde de carbone, quatre fois plus que la normale. Jusqu&rsquo;\u00e0 pr\u00e9sent, sa principale utilisation a \u00e9t\u00e9 la biomasse et les combustibles. Stilfibra\u00ae souhaite donner \u00e0 cette plante au grand potentiel de durabilit\u00e9 une autre utilisation dans ses produits dans le domaine des chaises \u00e9cologiques.<\/p>\n<\/div><\/div>\n\n\n\n<div class=\"wp-block-group con_custom version_one\"><div class=\"wp-block-group__inner-container is-layout-constrained wp-block-group-is-layout-constrained\">\n<h3 class=\"wp-block-heading has-text-align-center custom_serif slim has-text-color\" style=\"color:#849c57\"><strong>Le miscanthus est r\u00e9cup\u00e9r\u00e9 et st\u00e9rilis\u00e9, transform\u00e9 en microgranules et assaini, pour donner naissance \u00e0 notre Erbi Miski !<\/strong><\/h3>\n\n\n\n<p class=\"has-text-align-center\">Gr\u00e2ce \u00e0 l&rsquo;assainissement et \u00e0 l&rsquo;activation, la fibre est exempte de m\u00e9taux lourds et de bact\u00e9ries. Les caract\u00e9ristiques b\u00e9n\u00e9fiques sont nombreuses : bonne r\u00e9sistance \u00e0 la traction, r\u00e9sistance \u00e9lev\u00e9e aux chocs, excellente r\u00e9sistance \u00e0 la flexion.<\/p>\n\n\n\n<figure class=\"wp-block-image size-large\"><img decoding=\"async\" width=\"1024\" height=\"656\" src=\"https:\/\/stilfibra.com\/wp-content\/uploads\/2023\/09\/immagine-3-1024x656.png\" alt=\"Erbi Miski \" class=\"wp-image-172\" srcset=\"https:\/\/stilfibra.com\/wp-content\/uploads\/2023\/09\/immagine-3-1024x656.png 1024w, https:\/\/stilfibra.com\/wp-content\/uploads\/2023\/09\/immagine-3-300x192.png 300w, https:\/\/stilfibra.com\/wp-content\/uploads\/2023\/09\/immagine-3-768x492.png 768w, https:\/\/stilfibra.com\/wp-content\/uploads\/2023\/09\/immagine-3-1536x985.png 1536w, https:\/\/stilfibra.com\/wp-content\/uploads\/2023\/09\/immagine-3-2048x1313.png 2048w\" sizes=\"(max-width: 1024px) 100vw, 1024px\" \/><\/figure>\n<\/div><\/div>\n\n\n\n<div class=\"wp-block-columns column_two is-layout-flex wp-container-core-columns-is-layout-9d6595d7 wp-block-columns-is-layout-flex\">\n<div class=\"wp-block-column is-layout-flow wp-block-column-is-layout-flow\">\n<figure class=\"wp-block-image size-full\"><img decoding=\"async\" width=\"373\" height=\"276\" src=\"https:\/\/stilfibra.com\/wp-content\/uploads\/2023\/12\/Livello_137.png\" alt=\"\" class=\"wp-image-847\" style=\"object-fit:cover\" srcset=\"https:\/\/stilfibra.com\/wp-content\/uploads\/2023\/12\/Livello_137.png 373w, https:\/\/stilfibra.com\/wp-content\/uploads\/2023\/12\/Livello_137-300x222.png 300w\" sizes=\"(max-width: 373px) 100vw, 373px\" \/><\/figure>\n<\/div>\n\n\n\n<div class=\"wp-block-column is-layout-flow wp-block-column-is-layout-flow\">\n<div class=\"wp-block-group con_custom version_one\"><div class=\"wp-block-group__inner-container is-layout-constrained wp-block-group-is-layout-constrained\">\n<p>Le miscanthus a une capacit\u00e9 exceptionnelle d&rsquo;absorption du CO2 . Gr\u00e2ce au proc\u00e9d\u00e9 qui pr\u00e9serve les qualit\u00e9s de la fibre organique, ce CO2 (appel\u00e9 CO2 biog\u00e9nique) reste pi\u00e9g\u00e9 dans le mat\u00e9riau, r\u00e9duisant ainsi la quantit\u00e9 de carbone d&rsquo;origine fossile contenue dans les plastiques traditionnels.<\/p>\n<\/div><\/div>\n<\/div>\n<\/div>\n","protected":false},"excerpt":{"rendered":"<p>Il miscanto, con la sua straordinaria capacit\u00e0 di assorbire anidride carbonica, \u00e8 utilizzato principalmente nelle biomasse e nei combustibili. Stilfibra\u00ae impiega il miscanto sterilizzato per creare Erbi Miski, sfruttandone le potenzialit\u00e0 ecologiche. La fibra trattata offre resistenza agli impatti, alla flessione ed \u00e8 priva di metalli pesanti e batteri.<\/p>\n","protected":false},"featured_media":0,"template":"","class_list":["post-2520","sedie","type-sedie","status-publish","hentry"],"yoast_head":"<!-- This site is optimized with the Yoast SEO plugin v22.9 - https:\/\/yoast.com\/wordpress\/plugins\/seo\/ -->\n<title>Chaises d&#039;ameublement \u00e9cologiques | Erbi Miski - StilFibra<\/title>\n<meta name=\"description\" content=\"Mobilier \u00e9cologique : chaises Erbi Miski de StilFibra, en fibre de miscanthus \u00e9cologique. Visitez notre site web pour plus de d\u00e9tails !\" \/>\n<meta name=\"robots\" content=\"index, follow, max-snippet:-1, max-image-preview:large, max-video-preview:-1\" \/>\n<link rel=\"canonical\" href=\"https:\/\/stilfibra.com\/fr\/sedie\/erbi-miski\/\" \/>\n<meta property=\"og:locale\" content=\"fr_FR\" \/>\n<meta property=\"og:type\" content=\"article\" \/>\n<meta property=\"og:title\" content=\"Chaises d&#039;ameublement \u00e9cologiques | Erbi Miski - StilFibra\" \/>\n<meta property=\"og:description\" content=\"Mobilier \u00e9cologique : chaises Erbi Miski de StilFibra, en fibre de miscanthus \u00e9cologique. Visitez notre site web pour plus de d\u00e9tails !\" \/>\n<meta property=\"og:url\" content=\"https:\/\/stilfibra.com\/fr\/sedie\/erbi-miski\/\" \/>\n<meta property=\"og:site_name\" content=\"StilFibra\" \/>\n<meta property=\"article:publisher\" content=\"https:\/\/www.facebook.com\/Stilfibra?locale=it_IT\" \/>\n<meta property=\"article:modified_time\" content=\"2024-12-17T13:19:47+00:00\" \/>\n<meta property=\"og:image\" content=\"https:\/\/stilfibra.com\/wp-content\/uploads\/2023\/12\/Livello_122.png\" \/>\n<meta name=\"twitter:card\" content=\"summary_large_image\" \/>\n<meta name=\"twitter:label1\" content=\"Dur\u00e9e de lecture estim\u00e9e\" \/>\n\t<meta name=\"twitter:data1\" content=\"2 minutes\" \/>\n<script type=\"application\/ld+json\" class=\"yoast-schema-graph\">{\"@context\":\"https:\/\/schema.org\",\"@graph\":[{\"@type\":\"WebPage\",\"@id\":\"https:\/\/stilfibra.com\/fr\/sedie\/erbi-miski\/\",\"url\":\"https:\/\/stilfibra.com\/fr\/sedie\/erbi-miski\/\",\"name\":\"Chaises d'ameublement \u00e9cologiques | Erbi Miski - StilFibra\",\"isPartOf\":{\"@id\":\"https:\/\/stilfibra.com\/fr\/#website\"},\"primaryImageOfPage\":{\"@id\":\"https:\/\/stilfibra.com\/fr\/sedie\/erbi-miski\/#primaryimage\"},\"image\":{\"@id\":\"https:\/\/stilfibra.com\/fr\/sedie\/erbi-miski\/#primaryimage\"},\"thumbnailUrl\":\"https:\/\/stilfibra.com\/wp-content\/uploads\/2023\/12\/Livello_122.png\",\"datePublished\":\"2023-09-08T09:23:15+00:00\",\"dateModified\":\"2024-12-17T13:19:47+00:00\",\"description\":\"Mobilier \u00e9cologique : chaises Erbi Miski de StilFibra, en fibre de miscanthus \u00e9cologique. Visitez notre site web pour plus de d\u00e9tails !\",\"breadcrumb\":{\"@id\":\"https:\/\/stilfibra.com\/fr\/sedie\/erbi-miski\/#breadcrumb\"},\"inLanguage\":\"fr-FR\",\"potentialAction\":[{\"@type\":\"ReadAction\",\"target\":[\"https:\/\/stilfibra.com\/fr\/sedie\/erbi-miski\/\"]}]},{\"@type\":\"ImageObject\",\"inLanguage\":\"fr-FR\",\"@id\":\"https:\/\/stilfibra.com\/fr\/sedie\/erbi-miski\/#primaryimage\",\"url\":\"https:\/\/stilfibra.com\/wp-content\/uploads\/2023\/12\/Livello_122.png\",\"contentUrl\":\"https:\/\/stilfibra.com\/wp-content\/uploads\/2023\/12\/Livello_122.png\"},{\"@type\":\"BreadcrumbList\",\"@id\":\"https:\/\/stilfibra.com\/fr\/sedie\/erbi-miski\/#breadcrumb\",\"itemListElement\":[{\"@type\":\"ListItem\",\"position\":1,\"name\":\"Home\",\"item\":\"https:\/\/stilfibra.com\/fr\/\"},{\"@type\":\"ListItem\",\"position\":2,\"name\":\"Sedie\",\"item\":\"https:\/\/stilfibra.com\/fr\/sedie\/\"},{\"@type\":\"ListItem\",\"position\":3,\"name\":\"Erbi Miski\"}]},{\"@type\":\"WebSite\",\"@id\":\"https:\/\/stilfibra.com\/fr\/#website\",\"url\":\"https:\/\/stilfibra.com\/fr\/\",\"name\":\"Stilfibra\",\"description\":\"StilFibra\",\"publisher\":{\"@id\":\"https:\/\/stilfibra.com\/fr\/#organization\"},\"potentialAction\":[{\"@type\":\"SearchAction\",\"target\":{\"@type\":\"EntryPoint\",\"urlTemplate\":\"https:\/\/stilfibra.com\/fr\/?s={search_term_string}\"},\"query-input\":\"required name=search_term_string\"}],\"inLanguage\":\"fr-FR\"},{\"@type\":\"Organization\",\"@id\":\"https:\/\/stilfibra.com\/fr\/#organization\",\"name\":\"Stilfibra\",\"url\":\"https:\/\/stilfibra.com\/fr\/\",\"logo\":{\"@type\":\"ImageObject\",\"inLanguage\":\"fr-FR\",\"@id\":\"https:\/\/stilfibra.com\/fr\/#\/schema\/logo\/image\/\",\"url\":\"https:\/\/stilfibra.com\/wp-content\/uploads\/2023\/09\/logo-stilfibra.png\",\"contentUrl\":\"https:\/\/stilfibra.com\/wp-content\/uploads\/2023\/09\/logo-stilfibra.png\",\"width\":3334,\"height\":693,\"caption\":\"Stilfibra\"},\"image\":{\"@id\":\"https:\/\/stilfibra.com\/fr\/#\/schema\/logo\/image\/\"},\"sameAs\":[\"https:\/\/www.facebook.com\/Stilfibra?locale=it_IT\",\"https:\/\/www.instagram.com\/stilfibra\/\"]}]}<\/script>\n<!-- \/ Yoast SEO plugin. -->","yoast_head_json":{"title":"Chaises d'ameublement \u00e9cologiques | Erbi Miski - StilFibra","description":"Mobilier \u00e9cologique : chaises Erbi Miski de StilFibra, en fibre de miscanthus \u00e9cologique. Visitez notre site web pour plus de d\u00e9tails !","robots":{"index":"index","follow":"follow","max-snippet":"max-snippet:-1","max-image-preview":"max-image-preview:large","max-video-preview":"max-video-preview:-1"},"canonical":"https:\/\/stilfibra.com\/fr\/sedie\/erbi-miski\/","og_locale":"fr_FR","og_type":"article","og_title":"Chaises d'ameublement \u00e9cologiques | Erbi Miski - StilFibra","og_description":"Mobilier \u00e9cologique : chaises Erbi Miski de StilFibra, en fibre de miscanthus \u00e9cologique. Visitez notre site web pour plus de d\u00e9tails !","og_url":"https:\/\/stilfibra.com\/fr\/sedie\/erbi-miski\/","og_site_name":"StilFibra","article_publisher":"https:\/\/www.facebook.com\/Stilfibra?locale=it_IT","article_modified_time":"2024-12-17T13:19:47+00:00","og_image":[{"url":"https:\/\/stilfibra.com\/wp-content\/uploads\/2023\/12\/Livello_122.png"}],"twitter_card":"summary_large_image","twitter_misc":{"Dur\u00e9e de lecture estim\u00e9e":"2 minutes"},"schema":{"@context":"https:\/\/schema.org","@graph":[{"@type":"WebPage","@id":"https:\/\/stilfibra.com\/fr\/sedie\/erbi-miski\/","url":"https:\/\/stilfibra.com\/fr\/sedie\/erbi-miski\/","name":"Chaises d'ameublement \u00e9cologiques | Erbi Miski - StilFibra","isPartOf":{"@id":"https:\/\/stilfibra.com\/fr\/#website"},"primaryImageOfPage":{"@id":"https:\/\/stilfibra.com\/fr\/sedie\/erbi-miski\/#primaryimage"},"image":{"@id":"https:\/\/stilfibra.com\/fr\/sedie\/erbi-miski\/#primaryimage"},"thumbnailUrl":"https:\/\/stilfibra.com\/wp-content\/uploads\/2023\/12\/Livello_122.png","datePublished":"2023-09-08T09:23:15+00:00","dateModified":"2024-12-17T13:19:47+00:00","description":"Mobilier \u00e9cologique : chaises Erbi Miski de StilFibra, en fibre de miscanthus \u00e9cologique. Visitez notre site web pour plus de d\u00e9tails !","breadcrumb":{"@id":"https:\/\/stilfibra.com\/fr\/sedie\/erbi-miski\/#breadcrumb"},"inLanguage":"fr-FR","potentialAction":[{"@type":"ReadAction","target":["https:\/\/stilfibra.com\/fr\/sedie\/erbi-miski\/"]}]},{"@type":"ImageObject","inLanguage":"fr-FR","@id":"https:\/\/stilfibra.com\/fr\/sedie\/erbi-miski\/#primaryimage","url":"https:\/\/stilfibra.com\/wp-content\/uploads\/2023\/12\/Livello_122.png","contentUrl":"https:\/\/stilfibra.com\/wp-content\/uploads\/2023\/12\/Livello_122.png"},{"@type":"BreadcrumbList","@id":"https:\/\/stilfibra.com\/fr\/sedie\/erbi-miski\/#breadcrumb","itemListElement":[{"@type":"ListItem","position":1,"name":"Home","item":"https:\/\/stilfibra.com\/fr\/"},{"@type":"ListItem","position":2,"name":"Sedie","item":"https:\/\/stilfibra.com\/fr\/sedie\/"},{"@type":"ListItem","position":3,"name":"Erbi Miski"}]},{"@type":"WebSite","@id":"https:\/\/stilfibra.com\/fr\/#website","url":"https:\/\/stilfibra.com\/fr\/","name":"Stilfibra","description":"StilFibra","publisher":{"@id":"https:\/\/stilfibra.com\/fr\/#organization"},"potentialAction":[{"@type":"SearchAction","target":{"@type":"EntryPoint","urlTemplate":"https:\/\/stilfibra.com\/fr\/?s={search_term_string}"},"query-input":"required name=search_term_string"}],"inLanguage":"fr-FR"},{"@type":"Organization","@id":"https:\/\/stilfibra.com\/fr\/#organization","name":"Stilfibra","url":"https:\/\/stilfibra.com\/fr\/","logo":{"@type":"ImageObject","inLanguage":"fr-FR","@id":"https:\/\/stilfibra.com\/fr\/#\/schema\/logo\/image\/","url":"https:\/\/stilfibra.com\/wp-content\/uploads\/2023\/09\/logo-stilfibra.png","contentUrl":"https:\/\/stilfibra.com\/wp-content\/uploads\/2023\/09\/logo-stilfibra.png","width":3334,"height":693,"caption":"Stilfibra"},"image":{"@id":"https:\/\/stilfibra.com\/fr\/#\/schema\/logo\/image\/"},"sameAs":["https:\/\/www.facebook.com\/Stilfibra?locale=it_IT","https:\/\/www.instagram.com\/stilfibra\/"]}]}},"acf":[],"_links":{"self":[{"href":"https:\/\/stilfibra.com\/fr\/wp-json\/wp\/v2\/sedie\/2520","targetHints":{"allow":["GET"]}}],"collection":[{"href":"https:\/\/stilfibra.com\/fr\/wp-json\/wp\/v2\/sedie"}],"about":[{"href":"https:\/\/stilfibra.com\/fr\/wp-json\/wp\/v2\/types\/sedie"}],"wp:attachment":[{"href":"https:\/\/stilfibra.com\/fr\/wp-json\/wp\/v2\/media?parent=2520"}],"curies":[{"name":"wp","href":"https:\/\/api.w.org\/{rel}","templated":true}]}}